{"id":3584,"date":"2017-04-08T20:16:33","date_gmt":"2017-04-08T23:16:33","guid":{"rendered":"http:\/\/belojardim.pe.leg.br\/portal\/?page_id=3584"},"modified":"2025-06-09T09:08:25","modified_gmt":"2025-06-09T12:08:25","slug":"comissao-de-etica-e-decoro-parlamentar","status":"publish","type":"page","link":"https:\/\/belojardim.pe.leg.br\/portal\/comissao-de-etica-e-decoro-parlamentar\/","title":{"rendered":"Comiss\u00e3o de \u00c9tica e Decoro Parlamentar"},"content":{"rendered":"<p><em>Regimento Interno<\/em><\/p>\n<p><em>Art. 259 &#8211; A Comiss\u00e3o de \u00c9tica e Decoro Parlamentar, de que trata o inciso VI, do artigo 227, ser\u00e1 composta de cinco (05) membros, designados pelo Presidente da Mesa Diretora, com mandato de dois (02) anos, cuja designa\u00e7\u00e3o ser\u00e1 feita na mesma reuni\u00e3o que designar os membros das demais Comiss\u00f5es Permanentes, e ter\u00e1 a incumb\u00eancia de analisar previamente os Projetos de Lei denominativos dos pr\u00e9dios municipais, vias e logradouros p\u00fablicos, assim como os Projetos de Decreto Legislativo concedentes de T\u00edtulos Honor\u00edficos de Cidadania, ou qualquer outra honraria, proceder com o procedimento de cassa\u00e7\u00e3o do Mandato do Prefeito, Vice Prefeito e dos Vereadores, decidindo, por maioria, a sua ida a Plen\u00e1rio, ou a sua sum\u00e1ria rejei\u00e7\u00e3o, a cuja decis\u00e3o n\u00e3o caber\u00e1 recurso.<\/em><\/p>\n<p><strong>Composi\u00e7\u00e3o<\/strong><\/p>\n<p>Presidente: Daniel da Silva Lopes &#8211; Uni\u00e3o Brasil<br \/>\nRelator: Jos\u00e9 Anselmo da Silva &#8211; Republicanos<br \/>\nMembro: Euno Andrade da Silva Filho &#8211; Rupublicanos<br \/>\nMembro: Fabr\u00edcio Lima Lino &#8211; PSDB<br \/>\nMembro: Adriano Ant\u00f4nio Carlos &#8211; Podemos<\/p>\n<p>&nbsp;<\/p>\n<p>&nbsp;<\/p>\n","protected":false},"excerpt":{"rendered":"<p>Regimento Interno Art. 259 &#8211; A Comiss\u00e3o de \u00c9tica e Decoro Parlamentar, de que trata o inciso VI, do artigo 227, ser\u00e1 composta de cinco&#8230;<\/p>\n","protected":false},"author":1,"featured_media":0,"parent":0,"menu_order":0,"comment_status":"closed","ping_status":"closed","template":"","meta":{"footnotes":""},"class_list":["post-3584","page","type-page","status-publish","hentry"],"yoast_head":"<!-- This site is optimized with the Yoast SEO plugin v25.1 - https:\/\/yoast.com\/wordpress\/plugins\/seo\/ -->\n<title>Comiss\u00e3o de \u00c9tica e Decoro Parlamentar - C\u00e2mara Municipal de Belo Jardim<\/title>\n<meta name=\"robots\" content=\"index, follow, max-snippet:-1, max-image-preview:large, max-video-preview:-1\" \/>\n<link rel=\"canonical\" href=\"https:\/\/belojardim.pe.leg.br\/portal\/comissao-de-etica-e-decoro-parlamentar\/\" \/>\n<meta property=\"og:locale\" content=\"pt_BR\" \/>\n<meta property=\"og:type\" content=\"article\" \/>\n<meta property=\"og:title\" content=\"Comiss\u00e3o de \u00c9tica e Decoro Parlamentar - C\u00e2mara Municipal de Belo Jardim\" \/>\n<meta property=\"og:description\" content=\"Regimento Interno Art. 259 &#8211; A Comiss\u00e3o de \u00c9tica e Decoro Parlamentar, de que trata o inciso VI, do artigo 227, ser\u00e1 composta de cinco...\" \/>\n<meta property=\"og:url\" content=\"https:\/\/belojardim.pe.leg.br\/portal\/comissao-de-etica-e-decoro-parlamentar\/\" \/>\n<meta property=\"og:site_name\" content=\"C\u00e2mara Municipal de Belo Jardim\" \/>\n<meta property=\"article:modified_time\" content=\"2025-06-09T12:08:25+00:00\" \/>\n<meta name=\"twitter:card\" content=\"summary_large_image\" \/>\n<meta name=\"twitter:label1\" content=\"Est. tempo de leitura\" \/>\n\t<meta name=\"twitter:data1\" content=\"2 minutos\" \/>\n<script type=\"application\/ld+json\" class=\"yoast-schema-graph\">{\"@context\":\"https:\/\/schema.org\",\"@graph\":[{\"@type\":\"WebPage\",\"@id\":\"https:\/\/belojardim.pe.leg.br\/portal\/comissao-de-etica-e-decoro-parlamentar\/\",\"url\":\"https:\/\/belojardim.pe.leg.br\/portal\/comissao-de-etica-e-decoro-parlamentar\/\",\"name\":\"Comiss\u00e3o de \u00c9tica e Decoro Parlamentar - C\u00e2mara Municipal de Belo Jardim\",\"isPartOf\":{\"@id\":\"https:\/\/belojardim.pe.leg.br\/portal\/#website\"},\"datePublished\":\"2017-04-08T23:16:33+00:00\",\"dateModified\":\"2025-06-09T12:08:25+00:00\",\"breadcrumb\":{\"@id\":\"https:\/\/belojardim.pe.leg.br\/portal\/comissao-de-etica-e-decoro-parlamentar\/#breadcrumb\"},\"inLanguage\":\"pt-BR\",\"potentialAction\":[{\"@type\":\"ReadAction\",\"target\":[\"https:\/\/belojardim.pe.leg.br\/portal\/comissao-de-etica-e-decoro-parlamentar\/\"]}]},{\"@type\":\"BreadcrumbList\",\"@id\":\"https:\/\/belojardim.pe.leg.br\/portal\/comissao-de-etica-e-decoro-parlamentar\/#breadcrumb\",\"itemListElement\":[{\"@type\":\"ListItem\",\"position\":1,\"name\":\"In\u00edcio\",\"item\":\"https:\/\/belojardim.pe.leg.br\/portal\/\"},{\"@type\":\"ListItem\",\"position\":2,\"name\":\"Comiss\u00e3o de \u00c9tica e Decoro Parlamentar\"}]},{\"@type\":\"WebSite\",\"@id\":\"https:\/\/belojardim.pe.leg.br\/portal\/#website\",\"url\":\"https:\/\/belojardim.pe.leg.br\/portal\/\",\"name\":\"C\u00e2mara Municipal de Belo Jardim\",\"description\":\"Casa Cust\u00f3dio Ferreira Mergulh\u00e3o\",\"publisher\":{\"@id\":\"https:\/\/belojardim.pe.leg.br\/portal\/#organization\"},\"potentialAction\":[{\"@type\":\"SearchAction\",\"target\":{\"@type\":\"EntryPoint\",\"urlTemplate\":\"https:\/\/belojardim.pe.leg.br\/portal\/?s={search_term_string}\"},\"query-input\":{\"@type\":\"PropertyValueSpecification\",\"valueRequired\":true,\"valueName\":\"search_term_string\"}}],\"inLanguage\":\"pt-BR\"},{\"@type\":\"Organization\",\"@id\":\"https:\/\/belojardim.pe.leg.br\/portal\/#organization\",\"name\":\"C\u00e2mara Municipal de Belo Jardim\",\"url\":\"https:\/\/belojardim.pe.leg.br\/portal\/\",\"logo\":{\"@type\":\"ImageObject\",\"inLanguage\":\"pt-BR\",\"@id\":\"https:\/\/belojardim.pe.leg.br\/portal\/#\/schema\/logo\/image\/\",\"url\":\"https:\/\/belojardim.pe.leg.br\/portal\/wp-content\/uploads\/2025\/02\/brasao_novo_camara.png\",\"contentUrl\":\"https:\/\/belojardim.pe.leg.br\/portal\/wp-content\/uploads\/2025\/02\/brasao_novo_camara.png\",\"width\":7239,\"height\":1735,\"caption\":\"C\u00e2mara Municipal de Belo Jardim\"},\"image\":{\"@id\":\"https:\/\/belojardim.pe.leg.br\/portal\/#\/schema\/logo\/image\/\"}}]}<\/script>\n<!-- \/ Yoast SEO plugin. -->","yoast_head_json":{"title":"Comiss\u00e3o de \u00c9tica e Decoro Parlamentar - C\u00e2mara Municipal de Belo Jardim","robots":{"index":"index","follow":"follow","max-snippet":"max-snippet:-1","max-image-preview":"max-image-preview:large","max-video-preview":"max-video-preview:-1"},"canonical":"https:\/\/belojardim.pe.leg.br\/portal\/comissao-de-etica-e-decoro-parlamentar\/","og_locale":"pt_BR","og_type":"article","og_title":"Comiss\u00e3o de \u00c9tica e Decoro Parlamentar - C\u00e2mara Municipal de Belo Jardim","og_description":"Regimento Interno Art. 259 &#8211; A Comiss\u00e3o de \u00c9tica e Decoro Parlamentar, de que trata o inciso VI, do artigo 227, ser\u00e1 composta de cinco...","og_url":"https:\/\/belojardim.pe.leg.br\/portal\/comissao-de-etica-e-decoro-parlamentar\/","og_site_name":"C\u00e2mara Municipal de Belo Jardim","article_modified_time":"2025-06-09T12:08:25+00:00","twitter_card":"summary_large_image","twitter_misc":{"Est. tempo de leitura":"2 minutos"},"schema":{"@context":"https:\/\/schema.org","@graph":[{"@type":"WebPage","@id":"https:\/\/belojardim.pe.leg.br\/portal\/comissao-de-etica-e-decoro-parlamentar\/","url":"https:\/\/belojardim.pe.leg.br\/portal\/comissao-de-etica-e-decoro-parlamentar\/","name":"Comiss\u00e3o de \u00c9tica e Decoro Parlamentar - C\u00e2mara Municipal de Belo Jardim","isPartOf":{"@id":"https:\/\/belojardim.pe.leg.br\/portal\/#website"},"datePublished":"2017-04-08T23:16:33+00:00","dateModified":"2025-06-09T12:08:25+00:00","breadcrumb":{"@id":"https:\/\/belojardim.pe.leg.br\/portal\/comissao-de-etica-e-decoro-parlamentar\/#breadcrumb"},"inLanguage":"pt-BR","potentialAction":[{"@type":"ReadAction","target":["https:\/\/belojardim.pe.leg.br\/portal\/comissao-de-etica-e-decoro-parlamentar\/"]}]},{"@type":"BreadcrumbList","@id":"https:\/\/belojardim.pe.leg.br\/portal\/comissao-de-etica-e-decoro-parlamentar\/#breadcrumb","itemListElement":[{"@type":"ListItem","position":1,"name":"In\u00edcio","item":"https:\/\/belojardim.pe.leg.br\/portal\/"},{"@type":"ListItem","position":2,"name":"Comiss\u00e3o de \u00c9tica e Decoro Parlamentar"}]},{"@type":"WebSite","@id":"https:\/\/belojardim.pe.leg.br\/portal\/#website","url":"https:\/\/belojardim.pe.leg.br\/portal\/","name":"C\u00e2mara Municipal de Belo Jardim","description":"Casa Cust\u00f3dio Ferreira Mergulh\u00e3o","publisher":{"@id":"https:\/\/belojardim.pe.leg.br\/portal\/#organization"},"potentialAction":[{"@type":"SearchAction","target":{"@type":"EntryPoint","urlTemplate":"https:\/\/belojardim.pe.leg.br\/portal\/?s={search_term_string}"},"query-input":{"@type":"PropertyValueSpecification","valueRequired":true,"valueName":"search_term_string"}}],"inLanguage":"pt-BR"},{"@type":"Organization","@id":"https:\/\/belojardim.pe.leg.br\/portal\/#organization","name":"C\u00e2mara Municipal de Belo Jardim","url":"https:\/\/belojardim.pe.leg.br\/portal\/","logo":{"@type":"ImageObject","inLanguage":"pt-BR","@id":"https:\/\/belojardim.pe.leg.br\/portal\/#\/schema\/logo\/image\/","url":"https:\/\/belojardim.pe.leg.br\/portal\/wp-content\/uploads\/2025\/02\/brasao_novo_camara.png","contentUrl":"https:\/\/belojardim.pe.leg.br\/portal\/wp-content\/uploads\/2025\/02\/brasao_novo_camara.png","width":7239,"height":1735,"caption":"C\u00e2mara Municipal de Belo Jardim"},"image":{"@id":"https:\/\/belojardim.pe.leg.br\/portal\/#\/schema\/logo\/image\/"}}]}},"_links":{"self":[{"href":"https:\/\/belojardim.pe.leg.br\/portal\/wp-json\/wp\/v2\/pages\/3584","targetHints":{"allow":["GET"]}}],"collection":[{"href":"https:\/\/belojardim.pe.leg.br\/portal\/wp-json\/wp\/v2\/pages"}],"about":[{"href":"https:\/\/belojardim.pe.leg.br\/portal\/wp-json\/wp\/v2\/types\/page"}],"author":[{"embeddable":true,"href":"https:\/\/belojardim.pe.leg.br\/portal\/wp-json\/wp\/v2\/users\/1"}],"replies":[{"embeddable":true,"href":"https:\/\/belojardim.pe.leg.br\/portal\/wp-json\/wp\/v2\/comments?post=3584"}],"version-history":[{"count":6,"href":"https:\/\/belojardim.pe.leg.br\/portal\/wp-json\/wp\/v2\/pages\/3584\/revisions"}],"predecessor-version":[{"id":15202,"href":"https:\/\/belojardim.pe.leg.br\/portal\/wp-json\/wp\/v2\/pages\/3584\/revisions\/15202"}],"wp:attachment":[{"href":"https:\/\/belojardim.pe.leg.br\/portal\/wp-json\/wp\/v2\/media?parent=3584"}],"curies":[{"name":"wp","href":"https:\/\/api.w.org\/{rel}","templated":true}]}}