{"id":156,"date":"2015-03-22T11:37:25","date_gmt":"2015-03-22T14:37:25","guid":{"rendered":"http:\/\/belojardim.pe.leg.br\/portal\/?page_id=156"},"modified":"2025-06-09T09:33:15","modified_gmt":"2025-06-09T12:33:15","slug":"comissoes","status":"publish","type":"page","link":"https:\/\/belojardim.pe.leg.br\/portal\/comissoes\/","title":{"rendered":"Comiss\u00f5es"},"content":{"rendered":"<p><a href=\"https:\/\/belojardim.pe.leg.br\/portal\/comissao-de-legislacao-e-redacao-de-leis\/\">Comiss\u00e3o de Legisla\u00e7\u00e3o e Reda\u00e7\u00e3o de Leis<\/a><br \/>\n<a href=\"https:\/\/belojardim.pe.leg.br\/portal\/comissao-de-financas-e-orcamento\/\">Comiss\u00e3o de Finan\u00e7as e Or\u00e7amento<\/a><br \/>\n<a href=\"https:\/\/belojardim.pe.leg.br\/portal\/comissao-de-obras-urbanismo-e-meio-ambiente\/\">Comiss\u00e3o de Obras, Urbanismo e Meio Ambiente<\/a><br \/>\n<a href=\"https:\/\/belojardim.pe.leg.br\/portal\/comissao-de-educacao-cultura-e-esportes\/\">Comiss\u00e3o de Educa\u00e7\u00e3o, Cultura e Esportes<\/a><br \/>\n<a href=\"https:\/\/belojardim.pe.leg.br\/portal\/comissao-de-saude-e-assistencia-social\/\">Comiss\u00e3o de Sa\u00fade e Assist\u00eancia Social<\/a><br \/>\n<a href=\"https:\/\/belojardim.pe.leg.br\/portal\/comissao-de-direitos-humanos\/\">Comiss\u00e3o de Direitos Humanos<\/a><br \/>\n<a href=\"https:\/\/belojardim.pe.leg.br\/portal\/comissao-de-politicas-publicas-para-a-juventude\/\">Comiss\u00e3o de Pol\u00edticas P\u00fablicas para a Juventude<\/a><br \/>\n<a href=\"https:\/\/belojardim.pe.leg.br\/portal\/comissao-de-etica-e-decoro-parlamentar\/\">Comiss\u00e3o de \u00c9tica e Decoro Parlamentar<\/a><br \/>\n<a href=\"https:\/\/belojardim.pe.leg.br\/portal\/comissao-de-agricultura-pecuaria-e-politica-rural\/\">Comiss\u00e3o de Agricultura, Pecu\u00e1ria e Pol\u00edtica Rural<\/a><\/p>\n<div class=\"wp-block-image\"><a href=\"https:\/\/belojardim.pe.leg.br\/portal\/wp-content\/uploads\/2025\/06\/9e5243fc-48c7-47c0-beed-f53cb9dd5750_page-0001-scaled.jpg\"><img loading=\"lazy\" decoding=\"async\" class=\"wpa-warning wpa-image-missing-alt alignleft size-medium wp-image-15214\" src=\"https:\/\/belojardim.pe.leg.br\/portal\/wp-content\/uploads\/2025\/06\/9e5243fc-48c7-47c0-beed-f53cb9dd5750_page-0001-212x300.jpg\" alt=\"\" width=\"212\" height=\"300\" data-warning=\"Missing alt text\" srcset=\"https:\/\/belojardim.pe.leg.br\/portal\/wp-content\/uploads\/2025\/06\/9e5243fc-48c7-47c0-beed-f53cb9dd5750_page-0001-212x300.jpg 212w, https:\/\/belojardim.pe.leg.br\/portal\/wp-content\/uploads\/2025\/06\/9e5243fc-48c7-47c0-beed-f53cb9dd5750_page-0001-724x1024.jpg 724w, https:\/\/belojardim.pe.leg.br\/portal\/wp-content\/uploads\/2025\/06\/9e5243fc-48c7-47c0-beed-f53cb9dd5750_page-0001-768x1086.jpg 768w, https:\/\/belojardim.pe.leg.br\/portal\/wp-content\/uploads\/2025\/06\/9e5243fc-48c7-47c0-beed-f53cb9dd5750_page-0001-1086x1536.jpg 1086w, https:\/\/belojardim.pe.leg.br\/portal\/wp-content\/uploads\/2025\/06\/9e5243fc-48c7-47c0-beed-f53cb9dd5750_page-0001-1448x2048.jpg 1448w, https:\/\/belojardim.pe.leg.br\/portal\/wp-content\/uploads\/2025\/06\/9e5243fc-48c7-47c0-beed-f53cb9dd5750_page-0001-1218x1722.jpg 1218w, https:\/\/belojardim.pe.leg.br\/portal\/wp-content\/uploads\/2025\/06\/9e5243fc-48c7-47c0-beed-f53cb9dd5750_page-0001-scaled.jpg 1810w\" sizes=\"auto, (max-width: 212px) 100vw, 212px\" \/><\/a><\/div>\n","protected":false},"excerpt":{"rendered":"<p>Comiss\u00e3o de Legisla\u00e7\u00e3o e Reda\u00e7\u00e3o de Leis Comiss\u00e3o de Finan\u00e7as e Or\u00e7amento Comiss\u00e3o de Obras, Urbanismo e Meio Ambiente Comiss\u00e3o de Educa\u00e7\u00e3o, Cultura e Esportes&#8230;<\/p>\n","protected":false},"author":1,"featured_media":0,"parent":0,"menu_order":0,"comment_status":"open","ping_status":"open","template":"","meta":{"footnotes":""},"class_list":["post-156","page","type-page","status-publish","hentry"],"yoast_head":"<!-- This site is optimized with the Yoast SEO plugin v25.1 - https:\/\/yoast.com\/wordpress\/plugins\/seo\/ -->\n<title>Comiss\u00f5es - C\u00e2mara Municipal de Belo Jardim<\/title>\n<meta name=\"robots\" content=\"index, follow, max-snippet:-1, max-image-preview:large, max-video-preview:-1\" \/>\n<link rel=\"canonical\" href=\"https:\/\/belojardim.pe.leg.br\/portal\/comissoes\/\" \/>\n<meta property=\"og:locale\" content=\"pt_BR\" \/>\n<meta property=\"og:type\" content=\"article\" \/>\n<meta property=\"og:title\" content=\"Comiss\u00f5es - C\u00e2mara Municipal de Belo Jardim\" \/>\n<meta property=\"og:description\" content=\"Comiss\u00e3o de Legisla\u00e7\u00e3o e Reda\u00e7\u00e3o de Leis Comiss\u00e3o de Finan\u00e7as e Or\u00e7amento Comiss\u00e3o de Obras, Urbanismo e Meio Ambiente Comiss\u00e3o de Educa\u00e7\u00e3o, Cultura e Esportes...\" \/>\n<meta property=\"og:url\" content=\"https:\/\/belojardim.pe.leg.br\/portal\/comissoes\/\" \/>\n<meta property=\"og:site_name\" content=\"C\u00e2mara Municipal de Belo Jardim\" \/>\n<meta property=\"article:modified_time\" content=\"2025-06-09T12:33:15+00:00\" \/>\n<meta property=\"og:image\" content=\"https:\/\/belojardim.pe.leg.br\/portal\/wp-content\/uploads\/2025\/06\/9e5243fc-48c7-47c0-beed-f53cb9dd5750_page-0001-scaled.jpg\" \/>\n\t<meta property=\"og:image:width\" content=\"1810\" \/>\n\t<meta property=\"og:image:height\" content=\"2560\" \/>\n\t<meta property=\"og:image:type\" content=\"image\/jpeg\" \/>\n<meta name=\"twitter:card\" content=\"summary_large_image\" \/>\n<meta name=\"twitter:label1\" content=\"Est. tempo de leitura\" \/>\n\t<meta name=\"twitter:data1\" content=\"1 minuto\" \/>\n<script type=\"application\/ld+json\" class=\"yoast-schema-graph\">{\"@context\":\"https:\/\/schema.org\",\"@graph\":[{\"@type\":\"WebPage\",\"@id\":\"https:\/\/belojardim.pe.leg.br\/portal\/comissoes\/\",\"url\":\"https:\/\/belojardim.pe.leg.br\/portal\/comissoes\/\",\"name\":\"Comiss\u00f5es - C\u00e2mara Municipal de Belo Jardim\",\"isPartOf\":{\"@id\":\"https:\/\/belojardim.pe.leg.br\/portal\/#website\"},\"primaryImageOfPage\":{\"@id\":\"https:\/\/belojardim.pe.leg.br\/portal\/comissoes\/#primaryimage\"},\"image\":{\"@id\":\"https:\/\/belojardim.pe.leg.br\/portal\/comissoes\/#primaryimage\"},\"thumbnailUrl\":\"https:\/\/belojardim.pe.leg.br\/portal\/wp-content\/uploads\/2025\/06\/9e5243fc-48c7-47c0-beed-f53cb9dd5750_page-0001-212x300.jpg\",\"datePublished\":\"2015-03-22T14:37:25+00:00\",\"dateModified\":\"2025-06-09T12:33:15+00:00\",\"breadcrumb\":{\"@id\":\"https:\/\/belojardim.pe.leg.br\/portal\/comissoes\/#breadcrumb\"},\"inLanguage\":\"pt-BR\",\"potentialAction\":[{\"@type\":\"ReadAction\",\"target\":[\"https:\/\/belojardim.pe.leg.br\/portal\/comissoes\/\"]}]},{\"@type\":\"ImageObject\",\"inLanguage\":\"pt-BR\",\"@id\":\"https:\/\/belojardim.pe.leg.br\/portal\/comissoes\/#primaryimage\",\"url\":\"https:\/\/belojardim.pe.leg.br\/portal\/wp-content\/uploads\/2025\/06\/9e5243fc-48c7-47c0-beed-f53cb9dd5750_page-0001-scaled.jpg\",\"contentUrl\":\"https:\/\/belojardim.pe.leg.br\/portal\/wp-content\/uploads\/2025\/06\/9e5243fc-48c7-47c0-beed-f53cb9dd5750_page-0001-scaled.jpg\",\"width\":1810,\"height\":2560},{\"@type\":\"BreadcrumbList\",\"@id\":\"https:\/\/belojardim.pe.leg.br\/portal\/comissoes\/#breadcrumb\",\"itemListElement\":[{\"@type\":\"ListItem\",\"position\":1,\"name\":\"In\u00edcio\",\"item\":\"https:\/\/belojardim.pe.leg.br\/portal\/\"},{\"@type\":\"ListItem\",\"position\":2,\"name\":\"Comiss\u00f5es\"}]},{\"@type\":\"WebSite\",\"@id\":\"https:\/\/belojardim.pe.leg.br\/portal\/#website\",\"url\":\"https:\/\/belojardim.pe.leg.br\/portal\/\",\"name\":\"C\u00e2mara Municipal de Belo Jardim\",\"description\":\"Casa Cust\u00f3dio Ferreira Mergulh\u00e3o\",\"publisher\":{\"@id\":\"https:\/\/belojardim.pe.leg.br\/portal\/#organization\"},\"potentialAction\":[{\"@type\":\"SearchAction\",\"target\":{\"@type\":\"EntryPoint\",\"urlTemplate\":\"https:\/\/belojardim.pe.leg.br\/portal\/?s={search_term_string}\"},\"query-input\":{\"@type\":\"PropertyValueSpecification\",\"valueRequired\":true,\"valueName\":\"search_term_string\"}}],\"inLanguage\":\"pt-BR\"},{\"@type\":\"Organization\",\"@id\":\"https:\/\/belojardim.pe.leg.br\/portal\/#organization\",\"name\":\"C\u00e2mara Municipal de Belo Jardim\",\"url\":\"https:\/\/belojardim.pe.leg.br\/portal\/\",\"logo\":{\"@type\":\"ImageObject\",\"inLanguage\":\"pt-BR\",\"@id\":\"https:\/\/belojardim.pe.leg.br\/portal\/#\/schema\/logo\/image\/\",\"url\":\"https:\/\/belojardim.pe.leg.br\/portal\/wp-content\/uploads\/2025\/02\/brasao_novo_camara.png\",\"contentUrl\":\"https:\/\/belojardim.pe.leg.br\/portal\/wp-content\/uploads\/2025\/02\/brasao_novo_camara.png\",\"width\":7239,\"height\":1735,\"caption\":\"C\u00e2mara Municipal de Belo Jardim\"},\"image\":{\"@id\":\"https:\/\/belojardim.pe.leg.br\/portal\/#\/schema\/logo\/image\/\"}}]}<\/script>\n<!-- \/ Yoast SEO plugin. -->","yoast_head_json":{"title":"Comiss\u00f5es - C\u00e2mara Municipal de Belo Jardim","robots":{"index":"index","follow":"follow","max-snippet":"max-snippet:-1","max-image-preview":"max-image-preview:large","max-video-preview":"max-video-preview:-1"},"canonical":"https:\/\/belojardim.pe.leg.br\/portal\/comissoes\/","og_locale":"pt_BR","og_type":"article","og_title":"Comiss\u00f5es - C\u00e2mara Municipal de Belo Jardim","og_description":"Comiss\u00e3o de Legisla\u00e7\u00e3o e Reda\u00e7\u00e3o de Leis Comiss\u00e3o de Finan\u00e7as e Or\u00e7amento Comiss\u00e3o de Obras, Urbanismo e Meio Ambiente Comiss\u00e3o de Educa\u00e7\u00e3o, Cultura e Esportes...","og_url":"https:\/\/belojardim.pe.leg.br\/portal\/comissoes\/","og_site_name":"C\u00e2mara Municipal de Belo Jardim","article_modified_time":"2025-06-09T12:33:15+00:00","og_image":[{"width":1810,"height":2560,"url":"https:\/\/belojardim.pe.leg.br\/portal\/wp-content\/uploads\/2025\/06\/9e5243fc-48c7-47c0-beed-f53cb9dd5750_page-0001-scaled.jpg","type":"image\/jpeg"}],"twitter_card":"summary_large_image","twitter_misc":{"Est. tempo de leitura":"1 minuto"},"schema":{"@context":"https:\/\/schema.org","@graph":[{"@type":"WebPage","@id":"https:\/\/belojardim.pe.leg.br\/portal\/comissoes\/","url":"https:\/\/belojardim.pe.leg.br\/portal\/comissoes\/","name":"Comiss\u00f5es - C\u00e2mara Municipal de Belo Jardim","isPartOf":{"@id":"https:\/\/belojardim.pe.leg.br\/portal\/#website"},"primaryImageOfPage":{"@id":"https:\/\/belojardim.pe.leg.br\/portal\/comissoes\/#primaryimage"},"image":{"@id":"https:\/\/belojardim.pe.leg.br\/portal\/comissoes\/#primaryimage"},"thumbnailUrl":"https:\/\/belojardim.pe.leg.br\/portal\/wp-content\/uploads\/2025\/06\/9e5243fc-48c7-47c0-beed-f53cb9dd5750_page-0001-212x300.jpg","datePublished":"2015-03-22T14:37:25+00:00","dateModified":"2025-06-09T12:33:15+00:00","breadcrumb":{"@id":"https:\/\/belojardim.pe.leg.br\/portal\/comissoes\/#breadcrumb"},"inLanguage":"pt-BR","potentialAction":[{"@type":"ReadAction","target":["https:\/\/belojardim.pe.leg.br\/portal\/comissoes\/"]}]},{"@type":"ImageObject","inLanguage":"pt-BR","@id":"https:\/\/belojardim.pe.leg.br\/portal\/comissoes\/#primaryimage","url":"https:\/\/belojardim.pe.leg.br\/portal\/wp-content\/uploads\/2025\/06\/9e5243fc-48c7-47c0-beed-f53cb9dd5750_page-0001-scaled.jpg","contentUrl":"https:\/\/belojardim.pe.leg.br\/portal\/wp-content\/uploads\/2025\/06\/9e5243fc-48c7-47c0-beed-f53cb9dd5750_page-0001-scaled.jpg","width":1810,"height":2560},{"@type":"BreadcrumbList","@id":"https:\/\/belojardim.pe.leg.br\/portal\/comissoes\/#breadcrumb","itemListElement":[{"@type":"ListItem","position":1,"name":"In\u00edcio","item":"https:\/\/belojardim.pe.leg.br\/portal\/"},{"@type":"ListItem","position":2,"name":"Comiss\u00f5es"}]},{"@type":"WebSite","@id":"https:\/\/belojardim.pe.leg.br\/portal\/#website","url":"https:\/\/belojardim.pe.leg.br\/portal\/","name":"C\u00e2mara Municipal de Belo Jardim","description":"Casa Cust\u00f3dio Ferreira Mergulh\u00e3o","publisher":{"@id":"https:\/\/belojardim.pe.leg.br\/portal\/#organization"},"potentialAction":[{"@type":"SearchAction","target":{"@type":"EntryPoint","urlTemplate":"https:\/\/belojardim.pe.leg.br\/portal\/?s={search_term_string}"},"query-input":{"@type":"PropertyValueSpecification","valueRequired":true,"valueName":"search_term_string"}}],"inLanguage":"pt-BR"},{"@type":"Organization","@id":"https:\/\/belojardim.pe.leg.br\/portal\/#organization","name":"C\u00e2mara Municipal de Belo Jardim","url":"https:\/\/belojardim.pe.leg.br\/portal\/","logo":{"@type":"ImageObject","inLanguage":"pt-BR","@id":"https:\/\/belojardim.pe.leg.br\/portal\/#\/schema\/logo\/image\/","url":"https:\/\/belojardim.pe.leg.br\/portal\/wp-content\/uploads\/2025\/02\/brasao_novo_camara.png","contentUrl":"https:\/\/belojardim.pe.leg.br\/portal\/wp-content\/uploads\/2025\/02\/brasao_novo_camara.png","width":7239,"height":1735,"caption":"C\u00e2mara Municipal de Belo Jardim"},"image":{"@id":"https:\/\/belojardim.pe.leg.br\/portal\/#\/schema\/logo\/image\/"}}]}},"_links":{"self":[{"href":"https:\/\/belojardim.pe.leg.br\/portal\/wp-json\/wp\/v2\/pages\/156","targetHints":{"allow":["GET"]}}],"collection":[{"href":"https:\/\/belojardim.pe.leg.br\/portal\/wp-json\/wp\/v2\/pages"}],"about":[{"href":"https:\/\/belojardim.pe.leg.br\/portal\/wp-json\/wp\/v2\/types\/page"}],"author":[{"embeddable":true,"href":"https:\/\/belojardim.pe.leg.br\/portal\/wp-json\/wp\/v2\/users\/1"}],"replies":[{"embeddable":true,"href":"https:\/\/belojardim.pe.leg.br\/portal\/wp-json\/wp\/v2\/comments?post=156"}],"version-history":[{"count":21,"href":"https:\/\/belojardim.pe.leg.br\/portal\/wp-json\/wp\/v2\/pages\/156\/revisions"}],"predecessor-version":[{"id":15215,"href":"https:\/\/belojardim.pe.leg.br\/portal\/wp-json\/wp\/v2\/pages\/156\/revisions\/15215"}],"wp:attachment":[{"href":"https:\/\/belojardim.pe.leg.br\/portal\/wp-json\/wp\/v2\/media?parent=156"}],"curies":[{"name":"wp","href":"https:\/\/api.w.org\/{rel}","templated":true}]}}